{"id":5225,"date":"2025-09-04T15:18:29","date_gmt":"2025-09-04T13:18:29","guid":{"rendered":"https:\/\/alumaster.adwise.cfolks.pl\/privacy-policy\/"},"modified":"2025-10-02T11:34:07","modified_gmt":"2025-10-02T09:34:07","slug":"privacy-policy","status":"publish","type":"page","link":"https:\/\/alumaster.adwise.cfolks.pl\/en\/privacy-policy\/","title":{"rendered":"Privacy Policy"},"content":{"rendered":"\n<h2 class=\"wp-block-heading\"><strong>About us &#8211; About Alumaster Polska Sp. z o.o. as the personal data controller. <\/strong><\/h2>\n\n<p>ALUMASTER POLSKA SP\u00d3\u0141KA Z OGRANICZON\u0104 ODPOWIEDZIALNO\u015aCI\u0104 WITH ITS REGISTERED OFFICE IN TORU\u0143) is entered in the Register of Entrepreneurs kept by the District Court in Toru\u0144, 7th Commercial Division of the National Court Register, under KRS number 0000311086, has a share capital of PLN 170,000.00, uses the following numbers: NIP 879-256-78-72 and Regon 340470745, and is referred to in this PRIVACY POLICY as the \u201cAdministrator\u201d (hereinafter: \u2018Administrator\u2019, \u201cwe\u201d\/ \u201cus\u201d\/\u201cour\u201d).<\/p>\n\n<p>We are the entity responsible for processing personal data obtained from you or about you (\u201cyou,\u201d \u201cyour\u201d). As our headquarters are located within the European Union, we process personal data in accordance with European data protection regulations and other applicable statutory provisions. <\/p>\n\n<h2 class=\"wp-block-heading\"><br\/><strong><strong>What is personal data?<\/strong><\/strong><\/h2>\n\n<p>Personal data is information that allows you to be directly or indirectly identified as a natural person (\u201cindirectly\u201d means in combination with other information) based on elements such as: name and surname, postal address, email address, social security number, telephone number, or unique device identifier.<\/p>\n\n<h2 class=\"wp-block-heading\"><strong>Use of personal data<\/strong><\/h2>\n\n<p>We use your personal data for the purposes described below. We do not collect or process more or other types of personal data than are necessary to achieve the relevant purposes. We use personal data only in accordance with this Privacy Policy, unless you have given your separate consent to other uses of your personal data. If we plan to use your personal data processed with your consent for purposes other than those specified in such consent, we will inform you in advance and, if you give your consent, we will proceed to process your data for those other purposes.   <\/p>\n\n<h3 class=\"wp-block-heading\"><strong>1) Personal data<\/strong><\/h3>\n\n<p>We collect your personal data necessary for the provision of our services. This includes data such as your name, postal address, telephone number, email address, tax identification number, and bank account number. We use this data to communicate with you, present our service offer, our terms and conditions, conclude and perform contracts, and make financial settlements. We also use personal data and the content of communications to respond to your questions that arise during contact.   <\/p>\n\n<p>On the basis of separately expressed consents, personal data may also be processed for the following purposes:<\/p>\n\n<p>a) przesy\u0142ania informacji handlowych,<br\/>b) przesy\u0142ania informacji marketingowych drog\u0105 elektroniczn\u0105 (e-mail, telefon, SMS), zgodnie z Rozporz\u0105dzeniem RODO oraz Ustaw\u0105 z dnia 10 listopada 2024 roku &#8211; Prawo Komunikacji Elektronicznej (art. 398\u2013399). <\/p>\n\n<ol class=\"wp-block-list\">\n<li>przesy\u0142ania informacji handlowych,<\/li>\n\n\n\n<li>przesy\u0142ania informacji marketingowych drog\u0105 elektroniczn\u0105 (e-mail, telefon, SMS), zgodnie z Rozporz\u0105dzeniem RODO oraz Ustaw\u0105 z dnia 10 listopada 2024 roku &#8211; Prawo Komunikacji Elektronicznej (art. 398\u2013399). <\/li>\n<\/ol>\n\n<h3 class=\"wp-block-heading\"><strong>2) Wykorzystanie danych osobowych do cel\u00f3w marketingowych<\/strong><\/h3>\n\n<p>Dane osobowe mog\u0105 by\u0107 przetwarzane w celu przesy\u0142ania informacji handlowych i marketingowych dotycz\u0105cych produkt\u00f3w i us\u0142ug oferowanych przez Administratora, za pomoc\u0105 \u015brodk\u00f3w komunikacji elektronicznej i telekomunikacyjnych urz\u0105dze\u0144 ko\u0144cowych, takich jak e-mail, telefon lub wiadomo\u015bci SMS\/MMS.<\/p>\n\n<p>Podstaw\u0105 prawn\u0105 przetwarzania danych osobowych w celach marketingu bezpo\u015bredniego jest:<\/p>\n\n<ol class=\"wp-block-list\">\n<li>art. 6 ust. 1 lit. a RODO \u2013 zgoda osoby, kt\u00f3rej dane dotycz\u0105,  <\/li>\n\n\n\n<li>art. 10 ust. 1 i 2 ustawy o \u015bwiadczeniu us\u0142ug drog\u0105 elektroniczn\u0105 \u2013 zgoda na otrzymywanie informacji handlowych drog\u0105 elektroniczn\u0105,  <\/li>\n\n\n\n<li>art. 398 ust. 1 i 2 ustawy z dnia 10 listopada 2024 roku &#8211; Prawo Komunikacji Elektronicznej &#8211; zgoda na u\u017cywanie telekomunikacyjnych urz\u0105dze\u0144 ko\u0144cowych i automatycznych system\u00f3w wywo\u0142uj\u0105cych dla cel\u00f3w marketingu bezpo\u015bredniego.<br\/>Udzielenie zgody na przetwarzanie danych osobowych w celach marketingowych jest dobrowolne. Zgoda mo\u017ce by\u0107 w ka\u017cdej chwili wycofana, bez wp\u0142ywu na zgodno\u015b\u0107 z prawem przetwarzania, kt\u00f3rego dokonano przed jej cofni\u0119ciem. Cofni\u0119cie zgody mo\u017cliwe jest m.in. poprzez kontakt z Administratorem danych osobowych lub poprzez klikni\u0119cie odpowiedniego linku w przes\u0142anej wiadomo\u015bci e-mail, chyba \u017ce dana funkcjonalno\u015b\u0107 nie jest akurat dost\u0119pna.<br\/>Osobie, kt\u00f3rej dane dotycz\u0105, przys\u0142uguj\u0105 prawa okre\u015blone w RODO, w tym prawo dost\u0119pu do danych, ich sprostowania, usuni\u0119cia, ograniczenia przetwarzania, o czym mowa poni\u017cej, a tak\u017ce prawo do wniesienia sprzeciwu wobec przetwarzania danych do cel\u00f3w marketingowych.     <\/li>\n<\/ol>\n\n<h3 class=\"wp-block-heading\"><strong><strong>3) Zobowi\u0105zania prawne i obrona prawna<\/strong><\/strong><\/h3>\n\n<p>Mo\u017cemy by\u0107\u0301 zobowi\u0105zani do wykorzystywania i archiwizacji danych osobowych w celach prawnych i zwi\u0105zanych z przestrzeganiem obowi\u0105zuj\u0105cych przepis\u00f3w:<\/p>\n\n<ol class=\"wp-block-list\">\n<li>w celu zapobiegania przest\u0119pstwom, wykrywania ich, prowadzenia dochodze\u0144, przeciwdzia\u0142ania utracie danych i oszustwom oraz zwalczania innych przejaw\u00f3w nadu\u017cywania naszych us\u0142ug i system\u00f3w IT. Mamy r\u00f3wnie\u017c\u0307 prawo do wykorzystywania Pani\/Pana danych osobowych w celu wywi\u0105zania si\u0119 z wewn\u0119trznych i zewn\u0119trznych wymog\u00f3w kontrolnych, zapewnienia bezpiecze\u0144stwa informacji, ochrony i wykonania naszych praw, zabezpieczenia naszej prywatno\u015bci, zapewnienia bezpiecze\u0144stwa osobom i mieniu b\u0105d\u017a\u0301 ochrony mienia innych os\u00f3b. <\/li>\n<\/ol>\n\n<h3 class=\"wp-block-heading\"><strong><strong><strong>4) Korzystanie z internetowej strony (\u201ePortal\u201d)<\/strong><\/strong><\/strong><\/h3>\n\n<p>Niniejsza Polityka prywatno\u015bci odnosi si\u0119 r\u00f3wnie\u017c\u0307 do korzystania z naszej strony internetowej http:\/\/alumaster.pl (\u201ePortal\u201d) odno\u015bnie do nast\u0119puj\u0105cych element\u00f3w zwi\u0105zanych z prywatno\u015bci\u0105:<\/p>\n\n<ol class=\"wp-block-list\">\n<li>Pliki dziennika: W Portalu gromadzimy dane, w tym dane osobowe, kt\u00f3re s\u0105 og\u00f3lnie dost\u0119pne na temat Pani\/Pana urz\u0105dzenia, kiedy \u0142\u0105czy si\u0119 ono z Internetem. Dane te obejmuj\u0105 mi\u0119dzy innymi adres IP (adres protoko\u0142u internetowego), rodzaj i wersj\u0119 systemu operacyjnego i przegl\u0105darki, a tak\u017ce \u2013 o ile to mo\u017cliwe \u2013 producenta i model urz\u0105dzenia oraz dat\u0119 i godzin\u0119 przes\u0142ania ka\u017cdego zapytania do naszych, serwer\u00f3w. <\/li>\n\n\n\n<li>Nasza strona internetowa wykorzystuje pliki cookies w celach funkcjonalnych, statystycznych oraz marketingowych (w tym remarketingu). Niekt\u00f3re cookies mog\u0105 s\u0142u\u017cy\u0107 do tworzenia profili u\u017cytkownik\u00f3w opartych na ich aktywno\u015bci, co mo\u017ce skutkowa\u0107 personalizacj\u0105 tre\u015bci lub reklam. <\/li>\n<\/ol>\n\n<p>U\u017cytkownik ma mo\u017cliwo\u015b\u0107 zarz\u0105dzania preferencjami dotycz\u0105cymi cookies za pomoc\u0105 ustawie\u0144 przegl\u0105darki oraz w ramach naszego banera zg\u00f3d przy pierwszej wizycie na stronie. Podstaw\u0105 prawn\u0105 do stosowania niekt\u00f3rych plik\u00f3w cookies jest zgoda u\u017cytkownika (art. 6 ust. 1 lit. a RODO) &#8211; Zapisanie informacji lub uzyskanie dost\u0119pu do informacji ju\u017c przechowywanej w urz\u0105dzeniu ko\u0144cowym u\u017cytkownika jest mo\u017cliwe wy\u0142\u0105cznie po uzyskaniu uprzedniej, wyra\u017anej zgody.  <\/p>\n\n<h2 class=\"wp-block-heading\"><strong><strong>Pozyskiwanie danych osobowych z innych \u017ar\u00f3de\u0142<\/strong><\/strong><\/h2>\n\n<p>Zasadniczo w przypadku pozyskiwania przez nas Pani\/Pana danych osobowych z innych \u017ar\u00f3de\u0142 upewniamy si\u0119, czy dana firma skontaktowa\u0142a si\u0119 ju\u017c\u0307 z Panem\/Pani\u0105 w celu powiadomienia o przekazaniu danych lub sami przekazujemy t\u0119 informacj\u0119 Panu\/Pani w ramach pierwszego kontaktu, jednocze\u015bnie podaj\u0105c inne wymagane prawem informacje.<\/p>\n\n<h2 class=\"wp-block-heading\"><strong><strong><strong>Udost\u0119pnianie danych osobowych<\/strong><\/strong><\/strong><\/h2>\n\n<p>Ujawniamy dane osobowe u\u017cytkownik\u00f3w w celach opisanych poni\u017cej wy\u0142\u0105cznie podmiotom wskazanym poni\u017cej \u2013 chyba \u017ce za wyra\u017an\u0105 zgod\u0105 Pani\/Pana na przekazywanie danych osobowych stronom trzecim innych kategorii wymienionym w innych miejscach. Podejmujemy wszelkie kroki s\u0142u\u017c\u0105ce zapewnieniu, i\u017c Pani\/Pana dane osobowe s\u0105 przetwarzane, chronione i przekazywane zgodnie z prawem. <\/p>\n\n<h3 class=\"wp-block-heading\"><strong><strong><strong><strong>1) Us\u0142ugodawcy zewn\u0119trzni<\/strong><\/strong><\/strong><\/strong><\/h3>\n\n<p>W razie potrzeby zlecamy innym podmiotom (firmom) i osobom wykonanie w naszym imieniu okre\u015blonych zada\u0144 zwi\u0105zanych z naszymi us\u0142ugami w ramach um\u00f3w o przetwarzaniu danych. Mo\u017cemy, na przyk\u0142ad, przekaza\u0107\u0301 dane osobowe przedstawicielom, wykonawcom lub partnerom w celu zapewnienia hostingu naszych baz danych i aplikacji, \u015bwiadczenia us\u0142ug polegaj\u0105cych na przetwarzaniu danych b\u0105d\u017a\u0301 przes\u0142ania Panu\/Pani informacji, o kt\u00f3re Pani\/Pan prosi\u0142(-a). Dane udost\u0119pniane us\u0142ugodawcom zewn\u0119trznym s\u0105 przekazywane wy\u0142\u0105cznie w zakresie wymaganym dla realizacji okre\u015blonego celu. Us\u0142ugodawcy zewn\u0119trzni nie mog\u0105 wykorzystywa\u0107\u0301 otrzymanych od nas danych osobowych w \u017cadnym innym celu, w szczeg\u00f3lno\u015bci dla w\u0142asnych korzy\u015bci czy korzy\u015bci stron trzecich. Us\u0142ugodawcy zewn\u0119trzni s\u0105 umownie zobowi\u0105zani do przestrzegania poufno\u015bci Pani\/Pana danych osobowych.    <\/p>\n\n<h3 class=\"wp-block-heading\"><strong><strong><strong><strong><strong>2) Przeniesienie aktyw\u00f3w<\/strong><\/strong><\/strong><\/strong><\/strong><\/h3>\n\n<p>W przypadku reorganizacji, restrukturyzacji, fuzji lub sprzeda\u017cy lub innego rodzaju przeniesienia aktyw\u00f3w (\u0142\u0105cznie \u201eprzeniesienie aktyw\u00f3w\u201d) mo\u017cemy przekazywa\u0107\u0301 informacje, w tym dane osobowe, w dopuszczalnej skali i w miar\u0119 potrzeb, pod warunkiem \u017ce strona otrzymuj\u0105ca wyrazi zgod\u0119 na traktowanie Pani\/Pana danych osobowych w spos\u00f3b zgodny z obowi\u0105zuj\u0105cym prawem w zakresie ochrony danych. Zobowi\u0105zujemy si\u0119 nadal chroni\u0107\u0301 poufno\u015b\u0107\u0301 danych osobowych oraz powiadamia\u0107\u0301 odpowiednich u\u017cytkownik\u00f3w w przypadku, gdy ich dane osobowe stan\u0105 si\u0119 przedmiotem innej polityki prywatno\u015bci. <\/p>\n\n<h3 class=\"wp-block-heading\"><strong><strong><strong><strong><strong><strong>3) Organy administracji publicznej<\/strong><\/strong><\/strong><\/strong><\/strong><\/strong><\/h3>\n\n<p>Ujawniamy Pani\/Pana dane osobowe organom administracji publicznej, je\u015bli wymagaj\u0105 tego obowi\u0105zuj\u0105ce przepisy. Na przyk\u0142ad, reagujemy na wezwania s\u0105d\u00f3w, organ\u00f3w \u015bcigania, organ\u00f3w regulacyjnych i innych instytucji administracji publicznej, w tym organ\u00f3w spoza Pani\/Pana kraju zamieszkania. <\/p>\n\n<h3 class=\"wp-block-heading\"><strong><strong><strong><strong><strong><strong><strong>4) Przekazywanie danych osobowych za granic\u0119<\/strong><\/strong><\/strong><\/strong><\/strong><\/strong><\/strong><\/h3>\n\n<p>W niekt\u00f3rych przypadkach konieczne mo\u017ce by\u0107\u0301 przes\u0142anie Pani\/Pana danych osobowych do innych kraj\u00f3w. Niniejsza Polityka prywatno\u015bci znajduje zastosowanie r\u00f3wnie\u017c\u0307 w przypadku, gdy przesy\u0142amy dane osobowe do pa\u0144stw trzecich, w kt\u00f3rych mo\u017ce obowi\u0105zywa\u0107\u0301 innych poziom ochrony danych ni\u017c\u0307 w Pani\/Pana kraju zamieszkania. <\/p>\n\n<h2 class=\"wp-block-heading\"><strong><strong><strong><strong>Bezpiecze\u0144stwo<\/strong><\/strong><\/strong><\/strong><\/h2>\n\n<p>Bardzo powa\u017cnie podchodzimy do bezpiecze\u0144stwa danych. Stosujemy odpowiednie \u015brodki bezpiecze\u0144stwa i wdra\u017camy stosowne procedury fizyczne, elektroniczne i administracyjne maj\u0105ce na celu ochron\u0119 gromadzonych informacji przed przypadkowym lub bezprawnym zniszczeniem, utrat\u0105, modyfikacj\u0105, nieuprawnionym ujawnieniem, uzyskaniem dost\u0119pu do przekazywanych, archiwizowanych lub przetwarzanych danych osobowych. Nasze zasady polityki i procedury dotycz\u0105ce bezpiecze\u0144stwa informacji zosta\u0142y dostosowane do powszechnie uznawanych norm mi\u0119dzynarodowych. Podlegaj\u0105 one regularnym przegl\u0105dom i aktualizacjom uwzgl\u0119dniaj\u0105cym potrzeby biznesowe, zmiany technologiczne i wymogi regulacyjne. Dost\u0119p do Pani\/Pana danych osobowych przys\u0142uguje wy\u0142\u0105cznie pracownikom, us\u0142ugodawcom i podmiotom, kt\u00f3re potrzebuj\u0105 ich w zwi\u0105zku z wykonywanymi obowi\u0105zkami.    <\/p>\n\n<h2 class=\"wp-block-heading\"><strong><strong><strong><strong><strong>Przys\u0142uguj\u0105ce Pani\/Panu prawa. Katalog praw. <\/strong><\/strong><\/strong><\/strong><\/strong><\/h2>\n\n<p>Ka\u017cdy podmiot danych, Pani\/Pan ma okre\u015blone prawa zwi\u0105zane z gromadzonymi danymi osobowymi. Dotyczy to ca\u0142ego procesu przetwarzania danych opisanego w niniejszej Polityce prywatno\u015bci.<br\/>Szanujemy prawa poszczeg\u00f3lnych os\u00f3b i odpowiednio podchodzimy do Pani\/Pana zastrze\u017ce\u0144.<br\/>Na poni\u017cszym wykazie umieszczono informacje dotycz\u0105ce Pani\/Pana praw wynikaj\u0105cych z przepis\u00f3w o ochronie danych wed\u0142ug poni\u017cszych zasad:  <\/p>\n\n<ol class=\"wp-block-list\">\n<li>Prawo do wycofania zgody: Je\u017celi przetwarzanie danych osobowych odbywa si\u0119 na podstawie Pani\/Pana zgody, mo\u017ce j\u0105 Pani\/Pan wycofa\u0107\u0301 w dowolnym momencie, stosuj\u0105c zapisy procedury opisanej w odpowiednim formularzu zgody. Gwarantujemy mo\u017cliwo\u015b\u0107\u0301 wycofania zgody w taki sam spos\u00f3b, w jaki zosta\u0142a ona udzielona, np. drog\u0105 elektroniczn\u0105.  <\/li>\n\n\n\n<li>Prawo ustalenia zakresu udzielonej zgody \/ zg\u00f3d: Zgody na przesy\u0142anie informacji handlowych i marketingowych s\u0105 dobrowolne, mog\u0105 by\u0107 wyra\u017cane oddzielnie dla ka\u017cdego kana\u0142u komunikacji (np. e-mail, telefon, SMS) i mog\u0105 by\u0107 wycofane w dowolnym momencie, niezale\u017cnie od siebie, wzgl\u0119dem jednego, kilku lub wszystkich kana\u0142\u00f3w komunikacji. Przyk\u0142adowo: cofni\u0119cie zgody na kontakt telefoniczny nie wp\u0142ywa na zgod\u0119 na otrzymywanie wiadomo\u015bci e-mail. <\/li>\n\n\n\n<li>Prawo do korekty danych: Mo\u017ce Pani\/Pan otrzyma\u0107\u0301 od nas korekt\u0119 danych osobowych, kt\u00f3re Pani\/Pana dotycz\u0105. Staramy si\u0119, aby dane osobowe znajduj\u0105ce si\u0119 w naszym posiadaniu lub pod nasz\u0105 kontrol\u0105 oraz na bie\u017c\u0105co wykorzystywane by\u0142y precyzyjne, kompletne, aktualne, istotne i oparte o najnowsze dost\u0119pne informacje. W stosownych przypadkach zapewniamy dost\u0119p do portalu, w kt\u00f3rym u\u017cytkownik mo\u017ce przegl\u0105da\u0107\u0301 i korygowa\u0107\u0301 swoje dane osobowe.  <\/li>\n\n\n\n<li>Prawo do ograniczenia przetwarzania danych: Mo\u017ce Pani\/Pan otrzyma\u0107\u0301 od nas zapewnienie o ograniczeniu przetwarzania Pani\/Pana danych osobowych, je\u017celi:<br\/>a) zakwestionuje Pani\/Pan dok\u0142adno\u015b\u0107\u0301 tych informacji w okresie, w kt\u00f3rym musimy zweryfikowa\u0107\u0301 ich stosowno\u015b\u0107\u0301,<br\/>b) przetwarzanie danych jest bezprawne, a Pani\/Pan z\u0142o\u017cy\u0142(-a) wniosek o ograniczenie zamiast o wykasowanie danych osobowych,<br\/>c) Pani\/Pana dane nie s\u0105 ju\u017c\u0307 nam potrzebne, ale potrzebuje ich Pani\/Pan w zwi\u0105zku w celu ustanowienia, wykonania lub obrony roszcze\u0144 prawnych, lub<br\/>d) nie zgadza si\u0119 Pani\/Pan na przetwarzanie danych w momencie, kiedy sprawdzamy, czy nasze prawa s\u0105 nadrz\u0119dne wobec Pani\/Pana praw.<\/li>\n\n\n\n<li>Prawo dost\u0119pu do danych osobowych: Mo\u017ce Pani\/Pan zwr\u00f3ci\u0107\u0301 si\u0119 do nas<br\/>z pro\u015bb\u0105 o podanie informacji na temat Pani\/Pana danych osobowych znajduj\u0105cych si\u0119 w naszym posiadaniu, w tym informacji dot. kategorii danych osobowych znajduj\u0105cych si\u0119 w naszym posiadaniu lub pod nasz\u0105 kontrol\u0105, dotycz\u0105cych tego, do czego te dane s\u0105 wykorzystywane, gdzie je otrzymali\u015bmy (je\u017celi nie bezpo\u015brednio od Pani\/Pana) i komu zosta\u0142y ujawnione (je\u017celi dotyczy). Mo\u017ce Pani\/Pan otrzyma\u0107\u0301 od nas bezp\u0142atnie jedn\u0105 kopi\u0119 posiadanych przez nas danych osobowych, kt\u00f3re Pani\/Pana dotycz\u0105. Zastrzegamy sobie prawo do na\u0142o\u017cenia op\u0142at za ka\u017cd\u0105 kolejn\u0105 wydan\u0105 kopi\u0119.   <\/li>\n\n\n\n<li>Prawo do przeniesienia danych: Na Pani\/Pana wniosek przeka\u017cemy Pani\/Pana dane osobowe innemu administratorowi, je\u015bli jest to technicznie mo\u017cliwe, pod warunkiem, \u017ce przetwarzanie odbywa si\u0119 za Pani\/Pana zgod\u0105 lub jest niezb\u0119dne do realizacji umowy. Zamiast otrzymania kopii swoich danych osobowych mo\u017ce Pani\/Pan wybra\u0107\u0301 opcj\u0119, w kt\u00f3rej przekazujemy te dane innemu administratorowi wskazanemu bezpo\u015brednio przez Pani\u0105\/Pana. <\/li>\n\n\n\n<li>Prawo do wykasowania danych: Mo\u017ce Pani\/Pan otrzyma\u0107\u0301 od nas zapewnienie o wykasowaniu Pani\/Pana danych osobowych, je\u017celi:<br\/>a) dane te nie s\u0105 ju\u017c\u0307 potrzebne do realizacji cel\u00f3w, dla kt\u00f3rych zosta\u0142y zgromadzone lub przetworzone;<br\/>b) przys\u0142uguje Panu\/Pani prawo wniesienia sprzeciwu wobec dalszego przetwarzania Pani\/Pana danych osobowych (zob. poni\u017cej) i decyduje si\u0119 Pani\/Pan na skorzystanie z tego prawa;<br\/>c) przetwarzanie odbywa si\u0119 na podstawie Pani\/Pana zgody, wycofa\u0142(-a) Pani\/Pan swoj\u0105 zgod\u0119 i nie ma ju\u017c\u0307 podstaw prawnych uzasadniaj\u0105cych przetwarzanie danych;<br\/>d) przetwarzanie danych osobowych by\u0142o niezgodne z prawem; przetwarzanie danych nie jest niezb\u0119dne<br\/>e) w zakresie wywi\u0105zania si\u0119 z obowi\u0105zku prawnego wymagaj\u0105cego od nas ich przetworzenia;<br\/>f) obowi\u0105zuj\u0105, w szczeg\u00f3lno\u015bci, wymogi ustawowe dot. archiwizacji danych;<br\/>g) ma to zwi\u0105zek z ustanowieniem, wykonaniem lub obron\u0105 roszcze\u0144 prawnych. <\/li>\n\n\n\n<li>Prawo do wniesienia sprzeciwu: Przys\u0142uguje Panu\/Pani prawo wniesienia sprzeciwu &#8211; w dowolnym momencie &#8211; wobec przetwarzania Pani\/Pana danych osobowych ze wzgl\u0119du na konkretn\u0105 sytuacj\u0119, pod warunkiem, \u017ce przetwarzanie danych nie odbywa si\u0119 w oparciu o Pani\/Pana zgod\u0119, ale w oparciu o nasz zgodny z prawem interes lub interes strony trzeciej. W takim przypadku przerywamy przetwarzanie Pani\/Pana danych osobowych, chyba \u017ce jeste\u015bmy w stanie przedstawi\u0107\u0301 dowody prawne i wykaza\u0107\u0301 interes nadrz\u0119dny odnosz\u0105cy si\u0119 do przetwarzania lub ustalenia, wykonania lub obrony roszcze\u0144 prawnych. Je\u017celi sprzeciwi si\u0119 Pani\/Pan przetwarzaniu danych, musi Pani\/Pan sprecyzowa\u0107\u0301, czy chodzi o ich wykasowanie, czy te\u017c o ograniczenie ich przetwarzania przez nas.  <\/li>\n\n\n\n<li>Prawo do z\u0142o\u017cenia za\u017calenia: W przypadku podejrzenia o naruszenie obowi\u0105zuj\u0105cych przepis\u00f3w w dziedzinie ochrony danych mo\u017ce Pani\/Pan z\u0142o\u017cy\u0107\u0301 skarg\u0119 na r\u0119ce organu nadzoruj\u0105cego ochron\u0119 danych w kraju zamieszkania lub w kraju, w kt\u00f3rym wyst\u0105pi\u0142o domniemane naruszenie.<br\/>Okres: Postaramy si\u0119 spe\u0142ni\u0107\u0301 Pani\/Pana pro\u015bb\u0119 w ci\u0105gu 30 dni. Okres ten mo\u017ce jednak si\u0119 wyd\u0142u\u017cy\u0107\u0301 ze wzgl\u0119du na przyczyny zwi\u0105zane z konkretnym prawem lub z\u0142o\u017cono\u015bci\u0105 wniosku. <\/li>\n<\/ol>\n\n<p>Ograniczenia dost\u0119pu: W niekt\u00f3rych przypadkach nie mo\u017cemy zapewni\u0107\u0301 Panu\/Pani dost\u0119pu do wszystkich lub cz\u0119\u015bci Pani\/Pana danych osobowych ze wzgl\u0119du na zapisy ustawowe. W wypadku odmowy dost\u0119pu do danych podajemy jej przyczyn\u0119. <br\/>Brak mo\u017cliwo\u015bci identyfikacji: W niekt\u00f3rych przypadkach nie jeste\u015bmy w stanie sprawdzi\u0107\u0301 Pani\/Pana danych osobowych z powodu identyfikator\u00f3w podanych przez Pani\/Pani\u0105 we wniosku. Do danych osobowych, kt\u00f3rych nie mo\u017cemy wyszuka\u0107\u0301, je\u017celi poda Pani\/Pan swoje imi\u0119 i nazwisko oraz adres e-mail nalez\u0105: dane pozyskane za po\u015brednictwem plik\u00f3w cookie w przegl\u0105darce. <\/p>\n\n<p>W przypadku, gdy nie jeste\u015bmy w stanie zidentyfikowa\u0107\u0301 Pani\/Pana jako podmiotu danych, nie mo\u017cemy spe\u0142ni\u0107\u0301 Pani\/Pana pro\u015bby o wykonanie przys\u0142uguj\u0105cych Panu\/Pani praw zgodnie z zapisami niniejszej cz\u0119\u015bci, chyba \u017ce otrzymamy dodatkowe informacje umo\u017cliwiaj\u0105ce tak\u0105 identyfikacj\u0119.<br\/>Wykonanie przys\u0142uguj\u0105cych Panu\/Pani praw: W celu wykonania przys\u0142uguj\u0105cych Panu\/Pani praw, prosimy o pisemny kontakt, np. za po\u015brednictwem poczty elektronicznej lub tradycyjnej. Informacje kontaktowe umieszczono na ko\u0144cu niniejszej Polityki prywatno\u015bci. <\/p>\n\n<h2 class=\"wp-block-heading\"><strong><strong><strong><strong><strong><strong>Przechowywanie Pani\/Pana danych osobowych<\/strong><\/strong><\/strong><\/strong><\/strong><\/strong><\/h2>\n\n<p>Zastrzegamy sobie prawo do wprowadzania zmian &#8211; wed\u0142ug w\u0142asnego uznania &#8211; w podejmowanych przez nas dzia\u0142aniach zwi\u0105zanych z zapewnieniem prywatno\u015bci oraz do wprowadzania korekt do niniejszej Polityki prywatno\u015bci w dowolnym momencie. W zwi\u0105zku z tym zach\u0119camy do regularnego przegl\u0105du zapis\u00f3w niniejszej Polityki prywatno\u015bci. Niniejsza Polityka prywatno\u015bci jest aktualna na dzie\u0144 wskazany jako data \u201eostatniej modyfikacji\u201d podana powy\u017cej. Je\u017celi nie ma Pani\/Pan konta na naszym Portalu, w przypadku jakichkolwiek zmian poinformujemy Pani\u0105\/Pana o nich poczt\u0105 elektroniczn\u0105 b\u0105d\u017a\u0301 poczt\u0105 tradycyjn\u0105 i prze\u015blemy zaktualizowan\u0105 wersj\u0119 Polityki prywatno\u015bci. Zobowi\u0105zujemy si\u0119 traktowa\u0107\u0301 Pani\/Pana dane osobowe w spos\u00f3b zgodny z Polityk\u0105 prywatno\u015bci, w my\u015bl kt\u00f3rej dane te zosta\u0142y pozyskane, chyba \u017ce otrzymamy od Pani\/Pana zgod\u0119 na traktowanie ich w inny spos\u00f3b.    <\/p>\n","protected":false},"excerpt":{"rendered":"<p>About us &#8211; About Alumaster Polska Sp. z o.o. as the personal data controller. ALUMASTER POLSKA SP\u00d3\u0141KA Z OGRANICZON\u0104 ODPOWIEDZIALNO\u015aCI\u0104 WITH ITS REGISTERED OFFICE IN TORU\u0143) is entered in the Register of Entrepreneurs kept by the District Court in Toru\u0144, 7th Commercial Division of the National Court Register, under KRS number 0000311086, has a share [&hellip;]<\/p>\n","protected":false},"author":1,"featured_media":0,"parent":0,"menu_order":0,"comment_status":"closed","ping_status":"closed","template":"","meta":{"footnotes":""},"class_list":["post-5225","page","type-page","status-publish","hentry"],"yoast_head":"<!-- This site is optimized with the Yoast SEO plugin v27.4 - https:\/\/yoast.com\/product\/yoast-seo-wordpress\/ -->\n<title>Privacy Policy - Alumaster<\/title>\n<meta name=\"robots\" content=\"noindex, follow, max-snippet:-1, max-image-preview:large, max-video-preview:-1\" \/>\n<meta property=\"og:locale\" content=\"en_US\" \/>\n<meta property=\"og:type\" content=\"article\" \/>\n<meta property=\"og:title\" content=\"Privacy Policy - Alumaster\" \/>\n<meta property=\"og:description\" content=\"About us &#8211; About Alumaster Polska Sp. z o.o. as the personal data controller. ALUMASTER POLSKA SP\u00d3\u0141KA Z OGRANICZON\u0104 ODPOWIEDZIALNO\u015aCI\u0104 WITH ITS REGISTERED OFFICE IN TORU\u0143) is entered in the Register of Entrepreneurs kept by the District Court in Toru\u0144, 7th Commercial Division of the National Court Register, under KRS number 0000311086, has a share [&hellip;]\" \/>\n<meta property=\"og:url\" content=\"https:\/\/alumaster.adwise.cfolks.pl\/en\/privacy-policy\/\" \/>\n<meta property=\"og:site_name\" content=\"Alumaster\" \/>\n<meta property=\"article:modified_time\" content=\"2025-10-02T09:34:07+00:00\" \/>\n<meta name=\"twitter:card\" content=\"summary_large_image\" \/>\n<meta name=\"twitter:label1\" content=\"Est. reading time\" \/>\n\t<meta name=\"twitter:data1\" content=\"14 minutes\" \/>\n<script type=\"application\/ld+json\" class=\"yoast-schema-graph\">{\"@context\":\"https:\\\/\\\/schema.org\",\"@graph\":[{\"@type\":\"WebPage\",\"@id\":\"https:\\\/\\\/alumaster.adwise.cfolks.pl\\\/en\\\/privacy-policy\\\/\",\"url\":\"https:\\\/\\\/alumaster.adwise.cfolks.pl\\\/en\\\/privacy-policy\\\/\",\"name\":\"Privacy Policy - Alumaster\",\"isPartOf\":{\"@id\":\"https:\\\/\\\/alumaster.adwise.cfolks.pl\\\/en\\\/#website\"},\"datePublished\":\"2025-09-04T13:18:29+00:00\",\"dateModified\":\"2025-10-02T09:34:07+00:00\",\"breadcrumb\":{\"@id\":\"https:\\\/\\\/alumaster.adwise.cfolks.pl\\\/en\\\/privacy-policy\\\/#breadcrumb\"},\"inLanguage\":\"en-US\",\"potentialAction\":[{\"@type\":\"ReadAction\",\"target\":[\"https:\\\/\\\/alumaster.adwise.cfolks.pl\\\/en\\\/privacy-policy\\\/\"]}]},{\"@type\":\"BreadcrumbList\",\"@id\":\"https:\\\/\\\/alumaster.adwise.cfolks.pl\\\/en\\\/privacy-policy\\\/#breadcrumb\",\"itemListElement\":[{\"@type\":\"ListItem\",\"position\":1,\"name\":\"Home page\",\"item\":\"https:\\\/\\\/alumaster.adwise.cfolks.pl\\\/en\\\/\"},{\"@type\":\"ListItem\",\"position\":2,\"name\":\"Privacy Policy\"}]},{\"@type\":\"WebSite\",\"@id\":\"https:\\\/\\\/alumaster.adwise.cfolks.pl\\\/en\\\/#website\",\"url\":\"https:\\\/\\\/alumaster.adwise.cfolks.pl\\\/en\\\/\",\"name\":\"Alumaster\",\"description\":\"\",\"publisher\":{\"@id\":\"https:\\\/\\\/alumaster.adwise.cfolks.pl\\\/en\\\/#organization\"},\"potentialAction\":[{\"@type\":\"SearchAction\",\"target\":{\"@type\":\"EntryPoint\",\"urlTemplate\":\"https:\\\/\\\/alumaster.adwise.cfolks.pl\\\/en\\\/?s={search_term_string}\"},\"query-input\":{\"@type\":\"PropertyValueSpecification\",\"valueRequired\":true,\"valueName\":\"search_term_string\"}}],\"inLanguage\":\"en-US\"},{\"@type\":\"Organization\",\"@id\":\"https:\\\/\\\/alumaster.adwise.cfolks.pl\\\/en\\\/#organization\",\"name\":\"Alumaster\",\"url\":\"https:\\\/\\\/alumaster.adwise.cfolks.pl\\\/en\\\/\",\"logo\":{\"@type\":\"ImageObject\",\"inLanguage\":\"en-US\",\"@id\":\"https:\\\/\\\/alumaster.adwise.cfolks.pl\\\/en\\\/#\\\/schema\\\/logo\\\/image\\\/\",\"url\":\"https:\\\/\\\/alumaster.adwise.cfolks.pl\\\/wp-content\\\/uploads\\\/2025\\\/07\\\/Logo-click-area.png\",\"contentUrl\":\"https:\\\/\\\/alumaster.adwise.cfolks.pl\\\/wp-content\\\/uploads\\\/2025\\\/07\\\/Logo-click-area.png\",\"width\":333,\"height\":76,\"caption\":\"Alumaster\"},\"image\":{\"@id\":\"https:\\\/\\\/alumaster.adwise.cfolks.pl\\\/en\\\/#\\\/schema\\\/logo\\\/image\\\/\"}}]}<\/script>\n<!-- \/ Yoast SEO plugin. -->","yoast_head_json":{"title":"Privacy Policy - Alumaster","robots":{"index":"noindex","follow":"follow","max-snippet":"max-snippet:-1","max-image-preview":"max-image-preview:large","max-video-preview":"max-video-preview:-1"},"og_locale":"en_US","og_type":"article","og_title":"Privacy Policy - Alumaster","og_description":"About us &#8211; About Alumaster Polska Sp. z o.o. as the personal data controller. ALUMASTER POLSKA SP\u00d3\u0141KA Z OGRANICZON\u0104 ODPOWIEDZIALNO\u015aCI\u0104 WITH ITS REGISTERED OFFICE IN TORU\u0143) is entered in the Register of Entrepreneurs kept by the District Court in Toru\u0144, 7th Commercial Division of the National Court Register, under KRS number 0000311086, has a share [&hellip;]","og_url":"https:\/\/alumaster.adwise.cfolks.pl\/en\/privacy-policy\/","og_site_name":"Alumaster","article_modified_time":"2025-10-02T09:34:07+00:00","twitter_card":"summary_large_image","twitter_misc":{"Est. reading time":"14 minutes"},"schema":{"@context":"https:\/\/schema.org","@graph":[{"@type":"WebPage","@id":"https:\/\/alumaster.adwise.cfolks.pl\/en\/privacy-policy\/","url":"https:\/\/alumaster.adwise.cfolks.pl\/en\/privacy-policy\/","name":"Privacy Policy - Alumaster","isPartOf":{"@id":"https:\/\/alumaster.adwise.cfolks.pl\/en\/#website"},"datePublished":"2025-09-04T13:18:29+00:00","dateModified":"2025-10-02T09:34:07+00:00","breadcrumb":{"@id":"https:\/\/alumaster.adwise.cfolks.pl\/en\/privacy-policy\/#breadcrumb"},"inLanguage":"en-US","potentialAction":[{"@type":"ReadAction","target":["https:\/\/alumaster.adwise.cfolks.pl\/en\/privacy-policy\/"]}]},{"@type":"BreadcrumbList","@id":"https:\/\/alumaster.adwise.cfolks.pl\/en\/privacy-policy\/#breadcrumb","itemListElement":[{"@type":"ListItem","position":1,"name":"Home page","item":"https:\/\/alumaster.adwise.cfolks.pl\/en\/"},{"@type":"ListItem","position":2,"name":"Privacy Policy"}]},{"@type":"WebSite","@id":"https:\/\/alumaster.adwise.cfolks.pl\/en\/#website","url":"https:\/\/alumaster.adwise.cfolks.pl\/en\/","name":"Alumaster","description":"","publisher":{"@id":"https:\/\/alumaster.adwise.cfolks.pl\/en\/#organization"},"potentialAction":[{"@type":"SearchAction","target":{"@type":"EntryPoint","urlTemplate":"https:\/\/alumaster.adwise.cfolks.pl\/en\/?s={search_term_string}"},"query-input":{"@type":"PropertyValueSpecification","valueRequired":true,"valueName":"search_term_string"}}],"inLanguage":"en-US"},{"@type":"Organization","@id":"https:\/\/alumaster.adwise.cfolks.pl\/en\/#organization","name":"Alumaster","url":"https:\/\/alumaster.adwise.cfolks.pl\/en\/","logo":{"@type":"ImageObject","inLanguage":"en-US","@id":"https:\/\/alumaster.adwise.cfolks.pl\/en\/#\/schema\/logo\/image\/","url":"https:\/\/alumaster.adwise.cfolks.pl\/wp-content\/uploads\/2025\/07\/Logo-click-area.png","contentUrl":"https:\/\/alumaster.adwise.cfolks.pl\/wp-content\/uploads\/2025\/07\/Logo-click-area.png","width":333,"height":76,"caption":"Alumaster"},"image":{"@id":"https:\/\/alumaster.adwise.cfolks.pl\/en\/#\/schema\/logo\/image\/"}}]}},"_links":{"self":[{"href":"https:\/\/alumaster.adwise.cfolks.pl\/en\/wp-json\/wp\/v2\/pages\/5225","targetHints":{"allow":["GET"]}}],"collection":[{"href":"https:\/\/alumaster.adwise.cfolks.pl\/en\/wp-json\/wp\/v2\/pages"}],"about":[{"href":"https:\/\/alumaster.adwise.cfolks.pl\/en\/wp-json\/wp\/v2\/types\/page"}],"author":[{"embeddable":true,"href":"https:\/\/alumaster.adwise.cfolks.pl\/en\/wp-json\/wp\/v2\/users\/1"}],"replies":[{"embeddable":true,"href":"https:\/\/alumaster.adwise.cfolks.pl\/en\/wp-json\/wp\/v2\/comments?post=5225"}],"version-history":[{"count":1,"href":"https:\/\/alumaster.adwise.cfolks.pl\/en\/wp-json\/wp\/v2\/pages\/5225\/revisions"}],"predecessor-version":[{"id":5226,"href":"https:\/\/alumaster.adwise.cfolks.pl\/en\/wp-json\/wp\/v2\/pages\/5225\/revisions\/5226"}],"wp:attachment":[{"href":"https:\/\/alumaster.adwise.cfolks.pl\/en\/wp-json\/wp\/v2\/media?parent=5225"}],"curies":[{"name":"wp","href":"https:\/\/api.w.org\/{rel}","templated":true}]}}